{"id":7616,"date":"2020-05-18T15:24:02","date_gmt":"2020-05-18T18:24:02","guid":{"rendered":"http:\/\/nascernobrasil.ensp.fiocruz.br\/?page_id=7616"},"modified":"2026-04-09T10:11:25","modified_gmt":"2026-04-09T13:11:25","slug":"disseminacao-cientifica","status":"publish","type":"page","link":"https:\/\/nascernobrasil.ensp.fiocruz.br\/?page_id=7616","title":{"rendered":"Dissemina\u00e7\u00e3o cient\u00edfica"},"content":{"rendered":"<section class=\"l-section wpb_row height_medium\"><div class=\"l-section-h i-cf\"><div class=\"g-cols vc_row type_default valign_top\"><div class=\"vc_col-sm-12 wpb_column vc_column_container\"><div class=\"vc_column-inner\"><div class=\"wpb_wrapper\"><div class=\"wpb_text_column\" ><div class=\"wpb_wrapper\"><h1 style=\"text-align: center;\">Divulga\u00e7\u00e3o cient\u00edfica<\/h1>\n<\/div><\/div><\/div><\/div><\/div><\/div><\/div><\/section><section class=\"l-section wpb_row height_medium\"><div class=\"l-section-h i-cf\"><div class=\"g-cols vc_row type_default valign_top\"><div class=\"vc_col-sm-12 wpb_column vc_column_container\"><div class=\"vc_column-inner\"><div class=\"wpb_wrapper\"><\/div><\/div><\/div><\/div><\/div><\/section><section class=\"l-section wpb_row height_medium\"><div class=\"l-section-h i-cf\"><div class=\"g-cols vc_row type_default valign_top\"><div class=\"vc_col-sm-12 wpb_column vc_column_container\"><div class=\"vc_column-inner\"><div class=\"wpb_wrapper\"><div class=\"wpb_text_column\" ><div class=\"wpb_wrapper\"><p>A comunica\u00e7\u00e3o da ci\u00eancia e em sa\u00fade voltada a diversos p\u00fablicos e em linguagens pr\u00f3prias para cada um deles, fazendo quando necess\u00e1rio, um exerc\u00edcio de facilita\u00e7\u00e3o de acesso ao conhecimento por meio de produtos gr\u00e1ficos e audiovisuais \u00e9 um compromisso constante do Nascer no Brasil.<\/p>\n<\/div><\/div><div class=\"w-tabs layout_ver navpos_left navwidth_auto title_atleft style_default switch_click icon_chevron iconpos_right title_atleft\"><div class=\"w-tabs-list items_5\"><div class=\"w-tabs-list-h\"><a class=\"w-tabs-item active\" aria-controls=\"content-1589827338665-87223f81-72ec\" href=\"javascript:void(0);\"><span class=\"w-tabs-item-title\">Sum\u00e1rio executivo<\/span><\/a><a class=\"w-tabs-item\" aria-controls=\"content-1589827338648-4e7fb745-9aa9\" href=\"javascript:void(0);\"><span class=\"w-tabs-item-title\">V\u00eddeos<\/span><\/a><a class=\"w-tabs-item\" aria-controls=\"content-1589835917715-b4f614cc-dcdb\" href=\"javascript:void(0);\"><span class=\"w-tabs-item-title\">Infogr\u00e1ficos<\/span><\/a><a class=\"w-tabs-item\" aria-controls=\"content-1604960244332-978d9666-9d86\" href=\"javascript:void(0);\"><span class=\"w-tabs-item-title\">Podcasts<\/span><\/a><a class=\"w-tabs-item\" aria-controls=\"content-1706034080391-44c912b8-661d\" href=\"javascript:void(0);\"><span class=\"w-tabs-item-title\">Relat\u00f3rios<\/span><\/a><\/div><\/div><div class=\"w-tabs-sections\"><div class=\"w-tabs-sections-h\"><div class=\"w-tabs-section active\" id=\"1589827338665-87223f81-72ec\"><button class=\"w-tabs-section-header active\" aria-controls=\"content-1589827338665-87223f81-72ec\"><div class=\"w-tabs-section-header-h\"><div class=\"w-tabs-section-title\">Sum\u00e1rio executivo<\/div><div class=\"w-tabs-section-control\"><\/div><\/div><\/button><div class=\"w-tabs-section-content\" id=\"content-1589827338665-87223f81-72ec\" aria-expanded=\"true\"><div class=\"w-tabs-section-content-h i-cf\"><div class=\"wpb_text_column\" ><div class=\"wpb_wrapper\"><p><a href=\"https:\/\/nascernobrasil.ensp.fiocruz.br\/wp-content\/uploads\/2025\/09\/sumario-executivo-2025-NB-Rio-de-Janeiro.pdf\">Retratos do Parto e Nascimento no estado do Rio de Janeiro, 2025<\/a><\/p>\n<p><a href=\"https:\/\/nascernobrasil.ensp.fiocruz.br\/wp-content\/uploads\/2021\/05\/Avaliacaoredecegonha_Sumario.pdf\">Aten\u00e7\u00e3o ao Parto e Nascimento em Maternidades da Rede Cegonha &#8211; Sum\u00e1rio executivo (PDF), 2021<\/a><\/p>\n<p><a href=\"http:\/\/nascernobrasil.ensp.fiocruz.br\/wp-content\/uploads\/2020\/05\/Sinopse-de-pesquisa.pdf\">Assist\u00eancia pr\u00e9-natal no Brasil e acesso ao parto nas maternidades do SUS &#8211;<\/a> <a href=\"http:\/\/nascernobrasil.ensp.fiocruz.br\/wp-content\/uploads\/2020\/05\/Sinopse-de-pesquisa.pdf\">Sinopse de pesquisa (PDF), 2019<\/a><\/p>\n<p><a href=\"http:\/\/nascernobrasil.ensp.fiocruz.br\/wp-content\/uploads\/2020\/05\/Sum%C3%A1rio-executivo-II.pdf\">Reproductive health (13 supplement) 3. Childbirth in Brazil &#8211;<\/a> <a href=\"http:\/\/nascernobrasil.ensp.fiocruz.br\/wp-content\/uploads\/2020\/05\/Sum\u00e1rio-executivo-II.pdf\">Sum\u00e1rio executivo II (PDF), 2016<\/a><\/p>\n<p><a href=\"http:\/\/nascernobrasil.ensp.fiocruz.br\/wp-content\/uploads\/2020\/05\/Sum%C3%A1rio-executivo-I.pdf\">A m\u00e3e sabe parir, e o beb\u00ea sabe como e quando nascer &#8211;<\/a> <a href=\"http:\/\/nascernobrasil.ensp.fiocruz.br\/wp-content\/uploads\/2020\/05\/Sum\u00e1rio-executivo-I.pdf\">Sum\u00e1rio executivo I (PDF), 2014<\/a><\/p>\n<\/div><\/div><\/div><\/div><\/div><div class=\"w-tabs-section\" id=\"1589827338648-4e7fb745-9aa9\"><button class=\"w-tabs-section-header\" aria-controls=\"content-1589827338648-4e7fb745-9aa9\"><div class=\"w-tabs-section-header-h\"><div class=\"w-tabs-section-title\">V\u00eddeos<\/div><div class=\"w-tabs-section-control\"><\/div><\/div><\/button><div class=\"w-tabs-section-content\" id=\"content-1589827338648-4e7fb745-9aa9\" aria-expanded=\"false\"><div class=\"w-tabs-section-content-h i-cf\"><div class=\"wpb_text_column\" ><div class=\"wpb_wrapper\"><h4><strong>Lan\u00e7amento de Edi\u00e7\u00e3o Especial da Revista Ci\u00eancia e Sa\u00fade Coletiva \u2013 Avalia\u00e7\u00e3o da Aten\u00e7\u00e3o ao Parto e Nascimento \u2013 Rede Cegonha<\/strong><\/h4>\n<p><iframe loading=\"lazy\" title=\"Avalia\u00e7\u00e3o da Aten\u00e7\u00e3o ao Parto e Nascimento \u2013 Rede Cegonha - Interpreta\u00e7\u00e3o LIBRAS completa\" width=\"640\" height=\"360\" src=\"https:\/\/www.youtube.com\/embed\/hPA6aKTlBm0?feature=oembed\" frameborder=\"0\" allow=\"accelerometer; autoplay; clipboard-write; encrypted-media; gyroscope; picture-in-picture\" allowfullscreen><\/iframe><\/p>\n<h4><strong>Assist\u00eancia pr\u00e9-natal no Brasil e acesso ao parto nas maternidades do SUS &#8211; WebTV<\/strong><\/h4>\n<p><iframe loading=\"lazy\" title=\"Assist\u00eancia pr\u00e9-natal no Brasil e acesso ao parto nas maternidades da Rede do SUS\" width=\"640\" height=\"360\" src=\"https:\/\/www.youtube.com\/embed\/-5fUVAEH8X4?feature=oembed\" frameborder=\"0\" allow=\"accelerometer; autoplay; clipboard-write; encrypted-media; gyroscope; picture-in-picture\" allowfullscreen><\/iframe><\/p>\n<h4><b>Nascer nas pris\u00f5es : gestar, nascer e cuidar | Trailer<\/b><\/h4>\n<p><iframe loading=\"lazy\" title=\"Nascer nas pris\u00f5es : gestar, nascer e cuidar | Trailer\" width=\"640\" height=\"360\" src=\"https:\/\/www.youtube.com\/embed\/oJY0drA11TI?feature=oembed\" frameborder=\"0\" allow=\"accelerometer; autoplay; clipboard-write; encrypted-media; gyroscope; picture-in-picture\" allowfullscreen><\/iframe><\/p>\n<h4><b>Nascer nas pris\u00f5es: impacto social | Trailer<\/b><\/h4>\n<p><iframe loading=\"lazy\" title=\"Nascer nas pris\u00f5es: impacto social | Trailer\" width=\"640\" height=\"360\" src=\"https:\/\/www.youtube.com\/embed\/bN_DFDBxWzU?feature=oembed\" frameborder=\"0\" allow=\"accelerometer; autoplay; clipboard-write; encrypted-media; gyroscope; picture-in-picture\" allowfullscreen><\/iframe><\/p>\n<h4><strong>Nascer nas Pris\u00f5es: Impacto Social\u00a0<\/strong><\/h4>\n<p><iframe loading=\"lazy\" title=\"Nascer nas pris\u00f5es | Impacto social\" width=\"640\" height=\"360\" src=\"https:\/\/www.youtube.com\/embed\/Jso597MV_hU?feature=oembed\" frameborder=\"0\" allow=\"accelerometer; autoplay; clipboard-write; encrypted-media; gyroscope; picture-in-picture\" allowfullscreen><\/iframe><\/p>\n<h4><strong>Nascer nas Pris\u00f5es: Gestar, Nascer e Cuidar\u00a0<\/strong><\/h4>\n<p><iframe loading=\"lazy\" title=\"Nascer nas pris\u00f5es | gestar, nascer e cuidar\" width=\"640\" height=\"360\" src=\"https:\/\/www.youtube.com\/embed\/vmi6r-M-K0U?feature=oembed\" frameborder=\"0\" allow=\"accelerometer; autoplay; clipboard-write; encrypted-media; gyroscope; picture-in-picture\" allowfullscreen><\/iframe><\/p>\n<h4><b>Nascer nas pris\u00f5es &#8211; gestar, nascer e cuidar | Audiodescri\u00e7\u00e3o<br \/>\n<\/b><\/h4>\n<p><iframe loading=\"lazy\" title=\"Nascer nas pris\u00f5es  - gestar, nascer e cuidar | AUDIODESCRI\u00c7\u00c3O\" width=\"640\" height=\"360\" src=\"https:\/\/www.youtube.com\/embed\/4IHUjkyxlTQ?feature=oembed\" frameborder=\"0\" allow=\"accelerometer; autoplay; clipboard-write; encrypted-media; gyroscope; picture-in-picture\" allowfullscreen><\/iframe><\/p>\n<h4><b>Nascer nas pris\u00f5es &#8211; Impacto social | Audiodescri\u00e7\u00e3o\u00a0<\/b><\/h4>\n<p><iframe loading=\"lazy\" title=\"Nascer nas pris\u00f5es  - gestar, nascer e cuidar | AUDIODESCRI\u00c7\u00c3O\" width=\"640\" height=\"360\" src=\"https:\/\/www.youtube.com\/embed\/4IHUjkyxlTQ?feature=oembed\" frameborder=\"0\" allow=\"accelerometer; autoplay; clipboard-write; encrypted-media; gyroscope; picture-in-picture\" allowfullscreen><\/iframe><\/p>\n<h4><strong>Nascer no Brasil: Parto, da Viol\u00eancia Obst\u00e9trica \u00e0s Boas Pr\u00e1ticas\u00a0<\/strong><\/h4>\n<p><iframe loading=\"lazy\" title=\"Nascer no Brasil: Parto, da viol\u00eancia obst\u00e9trica \u00e0s boas pr\u00e1ticas\" width=\"640\" height=\"360\" src=\"https:\/\/www.youtube.com\/embed\/Q9G5uyRKsyk?start=49&#038;feature=oembed\" frameborder=\"0\" allow=\"accelerometer; autoplay; clipboard-write; encrypted-media; gyroscope; picture-in-picture\" allowfullscreen><\/iframe><\/p>\n<h4><strong>Nascer no Brasil: Ces\u00e1rea, Mitos e Riscos\u00a0<\/strong><\/h4>\n<p><iframe loading=\"lazy\" title=\"Nascer no Brasil: Ces\u00e1rea, mitos e riscos\" width=\"640\" height=\"360\" src=\"https:\/\/www.youtube.com\/embed\/kNZQnYn7PkE?feature=oembed\" frameborder=\"0\" allow=\"accelerometer; autoplay; clipboard-write; encrypted-media; gyroscope; picture-in-picture\" allowfullscreen><\/iframe><\/p>\n<h4 class=\"title style-scope ytd-video-primary-info-renderer\"><strong>Semin\u00e1rio Nascer no Brasil &#8211; Maria do Carmo Leal (1\/5)<\/strong><\/h4>\n<p><iframe loading=\"lazy\" title=\"Semin\u00e1rio Nascer no Brasil - Maria do Carmo Leal (1\/5)\" width=\"640\" height=\"360\" src=\"https:\/\/www.youtube.com\/embed\/rd9F3BpdaMU?feature=oembed\" frameborder=\"0\" allow=\"accelerometer; autoplay; clipboard-write; encrypted-media; gyroscope; picture-in-picture\" allowfullscreen><\/iframe><\/p>\n<div id=\"content\" class=\"style-scope ytd-app\">\n<div id=\"masthead-container\" class=\"style-scope ytd-app\">\n<div id=\"ticker\" class=\"style-scope ytd-masthead\">\n<h4 class=\"title style-scope ytd-video-primary-info-renderer\"><strong>Semin\u00e1rio Nascer no Brasil &#8211; Paulo Gadelha (2\/5)<\/strong><\/h4>\n<\/div>\n<div id=\"container\" class=\"style-scope ytd-masthead\">\n<div id=\"start\" class=\"style-scope ytd-masthead\">\n<p><iframe loading=\"lazy\" title=\"Semin\u00e1rio Nascer no Brasil - Paulo Gadelha (2\/5)\" width=\"640\" height=\"360\" src=\"https:\/\/www.youtube.com\/embed\/7IoF-z_iVWI?feature=oembed\" frameborder=\"0\" allow=\"accelerometer; autoplay; clipboard-write; encrypted-media; gyroscope; picture-in-picture\" allowfullscreen><\/iframe><\/div>\n<\/div>\n<\/div>\n<\/div>\n<h4 class=\"title style-scope ytd-video-primary-info-renderer\"><strong>Semin\u00e1rio Nascer no Brasil &#8211; Maria Esther Vilela (3\/5)<\/strong><\/h4>\n<p><iframe loading=\"lazy\" title=\"Semin\u00e1rio Nascer no Brasil - Maria Esther Vilela (3\/5)\" width=\"640\" height=\"360\" src=\"https:\/\/www.youtube.com\/embed\/AHdpPtJTGFY?feature=oembed\" frameborder=\"0\" allow=\"accelerometer; autoplay; clipboard-write; encrypted-media; gyroscope; picture-in-picture\" allowfullscreen><\/iframe><\/p>\n<h4 class=\"title style-scope ytd-video-primary-info-renderer\"><strong>Semin\u00e1rio Nascer no Brasil &#8211; Suzanne Serruya (4\/5)<\/strong><\/h4>\n<p><iframe loading=\"lazy\" title=\"Semin\u00e1rio Nascer no Brasil - Suzanne Serruya (4\/5)\" width=\"640\" height=\"360\" src=\"https:\/\/www.youtube.com\/embed\/UHpVy7z2fps?feature=oembed\" frameborder=\"0\" allow=\"accelerometer; autoplay; clipboard-write; encrypted-media; gyroscope; picture-in-picture\" allowfullscreen><\/iframe><\/p>\n<h4><strong>Semin\u00e1rio Nascer no Brasil &#8211; Jo\u00e3o Paulo Souza (5\/5)<\/strong><\/h4>\n<p><iframe loading=\"lazy\" title=\"Semin\u00e1rio Nascer no Brasil - Jo\u00e3o Paulo Souza (5\/5)\" width=\"640\" height=\"360\" src=\"https:\/\/www.youtube.com\/embed\/8gHJuLimR-Q?feature=oembed\" frameborder=\"0\" allow=\"accelerometer; autoplay; clipboard-write; encrypted-media; gyroscope; picture-in-picture\" allowfullscreen><\/iframe><\/p>\n<\/div><\/div><\/div><\/div><\/div><div class=\"w-tabs-section\" id=\"1589835917715-b4f614cc-dcdb\"><button class=\"w-tabs-section-header\" aria-controls=\"content-1589835917715-b4f614cc-dcdb\"><div class=\"w-tabs-section-header-h\"><div class=\"w-tabs-section-title\">Infogr\u00e1ficos<\/div><div class=\"w-tabs-section-control\"><\/div><\/div><\/button><div class=\"w-tabs-section-content\" id=\"content-1589835917715-b4f614cc-dcdb\" aria-expanded=\"false\"><div class=\"w-tabs-section-content-h i-cf\"><div class=\"wpb_text_column\" ><div class=\"wpb_wrapper\"><p>Dados do Nascer no Brasil &#8211; Inqu\u00e9rito I\u00a0 &#8211; <a href=\"http:\/\/nascernobrasil.ensp.fiocruz.br\/wp-content\/uploads\/2020\/05\/Infografico-para-popula\u00e7\u00e3o.pdf\">Infogr\u00e1fico para popula\u00e7\u00e3o (PDF)<\/a> <img loading=\"lazy\" decoding=\"async\" class=\"size-us_600_600_crop wp-image-7659 alignnone\" src=\"http:\/\/nascernobrasil.ensp.fiocruz.br\/wp-content\/uploads\/2020\/05\/infografico1-1-600x600.png\" alt=\"\" width=\"600\" height=\"600\" srcset=\"https:\/\/nascernobrasil.ensp.fiocruz.br\/wp-content\/uploads\/2020\/05\/infografico1-1-600x600.png 600w, https:\/\/nascernobrasil.ensp.fiocruz.br\/wp-content\/uploads\/2020\/05\/infografico1-1-150x150.png 150w\" sizes=\"auto, (max-width: 600px) 100vw, 600px\" \/><\/p>\n<p>&nbsp;<\/p>\n<p>Trajet\u00f3ria do pr\u00e9-natal ao p\u00f3s-parto no SUS &#8211; <a href=\"http:\/\/nascernobrasil.ensp.fiocruz.br\/wp-content\/uploads\/2020\/05\/Infografico-para-profissionais-de-sa\u00fade.pdf\">Infogr\u00e1fico para profissionais de sa\u00fade (PDF)<\/a><\/p>\n<p><img loading=\"lazy\" decoding=\"async\" class=\"alignnone wp-image-7660 size-us_600_600_crop\" src=\"http:\/\/nascernobrasil.ensp.fiocruz.br\/wp-content\/uploads\/2020\/05\/infogr\u00e1fico_peregrinacao-1-600x600.png\" alt=\"\" width=\"600\" height=\"600\" srcset=\"https:\/\/nascernobrasil.ensp.fiocruz.br\/wp-content\/uploads\/2020\/05\/infogr\u00e1fico_peregrinacao-1-600x600.png 600w, https:\/\/nascernobrasil.ensp.fiocruz.br\/wp-content\/uploads\/2020\/05\/infogr\u00e1fico_peregrinacao-1-150x150.png 150w\" sizes=\"auto, (max-width: 600px) 100vw, 600px\" \/><\/p>\n<p>Assist\u00eancia pr\u00e9-natal no Brasil e acesso ao parto nas maternidades do SUS &#8211; Folheto para gestantes<\/p>\n<div class=\"w-gallery cols_2 link_attachment type_masonry\"><div class=\"w-gallery-list\"><a class=\"w-gallery-item order_1\" href=\"https:\/\/nascernobrasil.ensp.fiocruz.br\/?attachment_id=7663\" title=\"folheto1\"><div class=\"w-gallery-item-img\"><img loading=\"lazy\" decoding=\"async\" width=\"1024\" height=\"932\" src=\"https:\/\/nascernobrasil.ensp.fiocruz.br\/wp-content\/uploads\/2020\/05\/folheto1-1024x932.png\" class=\"attachment-large size-large\" alt=\"\" srcset=\"https:\/\/nascernobrasil.ensp.fiocruz.br\/wp-content\/uploads\/2020\/05\/folheto1-1024x932.png 1024w, https:\/\/nascernobrasil.ensp.fiocruz.br\/wp-content\/uploads\/2020\/05\/folheto1-300x273.png 300w\" sizes=\"auto, (max-width: 1024px) 100vw, 1024px\" \/><\/div><\/a><a class=\"w-gallery-item order_2\" href=\"https:\/\/nascernobrasil.ensp.fiocruz.br\/?attachment_id=7664\" title=\"folheto2\"><div class=\"w-gallery-item-img\"><img loading=\"lazy\" decoding=\"async\" width=\"976\" height=\"1024\" src=\"https:\/\/nascernobrasil.ensp.fiocruz.br\/wp-content\/uploads\/2020\/05\/folheto2-976x1024.png\" class=\"attachment-large size-large\" alt=\"\" srcset=\"https:\/\/nascernobrasil.ensp.fiocruz.br\/wp-content\/uploads\/2020\/05\/folheto2-976x1024.png 976w, https:\/\/nascernobrasil.ensp.fiocruz.br\/wp-content\/uploads\/2020\/05\/folheto2-286x300.png 286w, https:\/\/nascernobrasil.ensp.fiocruz.br\/wp-content\/uploads\/2020\/05\/folheto2.png 1859w\" sizes=\"auto, (max-width: 976px) 100vw, 976px\" \/><\/div><\/a><a class=\"w-gallery-item order_3\" href=\"https:\/\/nascernobrasil.ensp.fiocruz.br\/?attachment_id=7665\" title=\"folheto3\"><div class=\"w-gallery-item-img\"><img loading=\"lazy\" decoding=\"async\" width=\"1007\" height=\"1024\" src=\"https:\/\/nascernobrasil.ensp.fiocruz.br\/wp-content\/uploads\/2020\/05\/folheto3-1007x1024.png\" class=\"attachment-large size-large\" alt=\"\" srcset=\"https:\/\/nascernobrasil.ensp.fiocruz.br\/wp-content\/uploads\/2020\/05\/folheto3-1007x1024.png 1007w, https:\/\/nascernobrasil.ensp.fiocruz.br\/wp-content\/uploads\/2020\/05\/folheto3-295x300.png 295w, https:\/\/nascernobrasil.ensp.fiocruz.br\/wp-content\/uploads\/2020\/05\/folheto3.png 1919w\" sizes=\"auto, (max-width: 1007px) 100vw, 1007px\" \/><\/div><\/a><a class=\"w-gallery-item order_4\" href=\"https:\/\/nascernobrasil.ensp.fiocruz.br\/?attachment_id=7666\" title=\"folheto4\"><div class=\"w-gallery-item-img\"><img loading=\"lazy\" decoding=\"async\" width=\"1024\" height=\"981\" src=\"https:\/\/nascernobrasil.ensp.fiocruz.br\/wp-content\/uploads\/2020\/05\/folheto4-1024x981.png\" class=\"attachment-large size-large\" alt=\"\" srcset=\"https:\/\/nascernobrasil.ensp.fiocruz.br\/wp-content\/uploads\/2020\/05\/folheto4-1024x981.png 1024w, https:\/\/nascernobrasil.ensp.fiocruz.br\/wp-content\/uploads\/2020\/05\/folheto4-300x287.png 300w\" sizes=\"auto, (max-width: 1024px) 100vw, 1024px\" \/><\/div><\/a><a class=\"w-gallery-item order_5\" href=\"https:\/\/nascernobrasil.ensp.fiocruz.br\/?attachment_id=7667\" title=\"folheto5\"><div class=\"w-gallery-item-img\"><img loading=\"lazy\" decoding=\"async\" width=\"990\" height=\"1024\" src=\"https:\/\/nascernobrasil.ensp.fiocruz.br\/wp-content\/uploads\/2020\/05\/folheto5-990x1024.png\" class=\"attachment-large size-large\" alt=\"\" srcset=\"https:\/\/nascernobrasil.ensp.fiocruz.br\/wp-content\/uploads\/2020\/05\/folheto5-990x1024.png 990w, https:\/\/nascernobrasil.ensp.fiocruz.br\/wp-content\/uploads\/2020\/05\/folheto5-290x300.png 290w, https:\/\/nascernobrasil.ensp.fiocruz.br\/wp-content\/uploads\/2020\/05\/folheto5.png 1851w\" sizes=\"auto, (max-width: 990px) 100vw, 990px\" \/><\/div><\/a><a class=\"w-gallery-item order_6\" href=\"https:\/\/nascernobrasil.ensp.fiocruz.br\/?attachment_id=7668\" title=\"folheto6\"><div class=\"w-gallery-item-img\"><img loading=\"lazy\" decoding=\"async\" width=\"1024\" height=\"1000\" src=\"https:\/\/nascernobrasil.ensp.fiocruz.br\/wp-content\/uploads\/2020\/05\/folheto6-1024x1000.png\" class=\"attachment-large size-large\" alt=\"\" srcset=\"https:\/\/nascernobrasil.ensp.fiocruz.br\/wp-content\/uploads\/2020\/05\/folheto6-1024x1000.png 1024w, https:\/\/nascernobrasil.ensp.fiocruz.br\/wp-content\/uploads\/2020\/05\/folheto6-300x293.png 300w, https:\/\/nascernobrasil.ensp.fiocruz.br\/wp-content\/uploads\/2020\/05\/folheto6.png 1960w\" sizes=\"auto, (max-width: 1024px) 100vw, 1024px\" \/><\/div><\/a><\/div><\/div>\n<\/div><\/div><\/div><\/div><\/div><div class=\"w-tabs-section\" id=\"1604960244332-978d9666-9d86\"><button class=\"w-tabs-section-header\" aria-controls=\"content-1604960244332-978d9666-9d86\"><div class=\"w-tabs-section-header-h\"><div class=\"w-tabs-section-title\">Podcasts<\/div><div class=\"w-tabs-section-control\"><\/div><\/div><\/button><div class=\"w-tabs-section-content\" id=\"content-1604960244332-978d9666-9d86\" aria-expanded=\"false\"><div class=\"w-tabs-section-content-h i-cf\"><div class=\"g-cols wpb_row  type_default valign_top vc_inner\"><div class=\"vc_col-sm-12 wpb_column vc_column_container\"><div class=\"vc_column-inner\"><div class=\"wpb_wrapper\"><div class=\"w-video align_left ratio_16x9\"><div class=\"w-video-h\"><iframe src=\"\/\/www.youtube.com\/embed\/Qkq0Y6thqIo?autoplay=0&controls=1&origin=https%3A%2F%2Fnascernobrasil.ensp.fiocruz.br\" allowfullscreen=\"1\"><\/iframe><\/div><div class=\"w-video-icon\" style=\"font-size:1.5rem;background:rgba(0,0,0,0.5);color:#fff;\"><\/div><\/div><div class=\"w-video align_left ratio_16x9\"><div class=\"w-video-h\"><iframe src=\"\/\/www.youtube.com\/embed\/I3a7WXkfpqw?autoplay=0&controls=1&origin=https%3A%2F%2Fnascernobrasil.ensp.fiocruz.br\" allowfullscreen=\"1\"><\/iframe><\/div><div class=\"w-video-icon\" style=\"font-size:1.5rem;background:rgba(0,0,0,0.5);color:#fff;\"><\/div><\/div><div class=\"w-video align_left ratio_16x9\"><div class=\"w-video-h\"><iframe src=\"\/\/www.youtube.com\/embed\/Z_Lz32VBeHQ?autoplay=0&controls=1&origin=https%3A%2F%2Fnascernobrasil.ensp.fiocruz.br\" allowfullscreen=\"1\"><\/iframe><\/div><div class=\"w-video-icon\" style=\"font-size:1.5rem;background:rgba(0,0,0,0.5);color:#fff;\"><\/div><\/div><\/div><\/div><\/div><\/div><div class=\"g-cols wpb_row  type_default valign_top vc_inner\"><div class=\"vc_col-sm-12 wpb_column vc_column_container\"><div class=\"vc_column-inner\"><div class=\"wpb_wrapper\"><\/div><\/div><\/div><\/div><\/div><\/div><\/div><div class=\"w-tabs-section\" id=\"1706034080391-44c912b8-661d\"><button class=\"w-tabs-section-header\" aria-controls=\"content-1706034080391-44c912b8-661d\"><div class=\"w-tabs-section-header-h\"><div class=\"w-tabs-section-title\">Relat\u00f3rios<\/div><div class=\"w-tabs-section-control\"><\/div><\/div><\/button><div class=\"w-tabs-section-content\" id=\"content-1706034080391-44c912b8-661d\" aria-expanded=\"false\"><div class=\"w-tabs-section-content-h i-cf\"><div class=\"wpb_text_column\" ><div class=\"wpb_wrapper\"><div class=\"w-full h-full\">\n<p class=\"sc-hKgILt sc-hOqqkJ cxwgnw kNMTkb\"><a href=\"https:\/\/www.conass.org.br\/wp-content\/uploads\/2024\/01\/Relatorio_oficina_morte_materna-1.pdf\">Relat\u00f3rio da 1\u00aa Oficina De Trabalho: Morte Materna de Mulheres Negras no Contexto do SUS<\/a><\/p>\n<\/div>\n<\/div><\/div><\/div><\/div><\/div><\/div><\/div><\/div><\/div><\/div><\/div><\/div><\/div><\/section>\n","protected":false},"excerpt":{"rendered":"Divulga\u00e7\u00e3o cient\u00edfica A comunica\u00e7\u00e3o da ci\u00eancia e em sa\u00fade voltada a diversos p\u00fablicos e em linguagens pr\u00f3prias para cada um deles, fazendo quando necess\u00e1rio, um exerc\u00edcio de facilita\u00e7\u00e3o de acesso ao conhecimento por meio de produtos gr\u00e1ficos e audiovisuais \u00e9 um compromisso constante do Nascer no Brasil. Sum\u00e1rio executivoV\u00eddeosInfogr\u00e1ficosPodcastsRelat\u00f3riosSum\u00e1rio executivoRetratos do Parto e Nascimento no...","protected":false},"author":4,"featured_media":0,"parent":0,"menu_order":0,"comment_status":"closed","ping_status":"closed","template":"","meta":{"pmpro_default_level":"","footnotes":""},"class_list":["post-7616","page","type-page","status-publish","hentry","pmpro-has-access"],"_links":{"self":[{"href":"https:\/\/nascernobrasil.ensp.fiocruz.br\/index.php?rest_route=\/wp\/v2\/pages\/7616","targetHints":{"allow":["GET"]}}],"collection":[{"href":"https:\/\/nascernobrasil.ensp.fiocruz.br\/index.php?rest_route=\/wp\/v2\/pages"}],"about":[{"href":"https:\/\/nascernobrasil.ensp.fiocruz.br\/index.php?rest_route=\/wp\/v2\/types\/page"}],"author":[{"embeddable":true,"href":"https:\/\/nascernobrasil.ensp.fiocruz.br\/index.php?rest_route=\/wp\/v2\/users\/4"}],"replies":[{"embeddable":true,"href":"https:\/\/nascernobrasil.ensp.fiocruz.br\/index.php?rest_route=%2Fwp%2Fv2%2Fcomments&post=7616"}],"version-history":[{"count":28,"href":"https:\/\/nascernobrasil.ensp.fiocruz.br\/index.php?rest_route=\/wp\/v2\/pages\/7616\/revisions"}],"predecessor-version":[{"id":15856,"href":"https:\/\/nascernobrasil.ensp.fiocruz.br\/index.php?rest_route=\/wp\/v2\/pages\/7616\/revisions\/15856"}],"wp:attachment":[{"href":"https:\/\/nascernobrasil.ensp.fiocruz.br\/index.php?rest_route=%2Fwp%2Fv2%2Fmedia&parent=7616"}],"curies":[{"name":"wp","href":"https:\/\/api.w.org\/{rel}","templated":true}]}}